{"id":9717,"date":"2026-01-30T12:36:49","date_gmt":"2026-01-30T11:36:49","guid":{"rendered":"https:\/\/kpsmichov.cz\/?post_type=tribe_events&#038;p=9717"},"modified":"2026-01-30T12:36:49","modified_gmt":"2026-01-30T11:36:49","slug":"vernisaz-vystavy-vaclava-valdy","status":"publish","type":"tribe_events","link":"https:\/\/kpsmichov.cz\/en\/program\/vernisaz-vystavy-vaclava-valdy\/","title":{"rendered":"Vernis\u00e1\u017e v\u00fdstavy V\u00e1clava Valdy"},"content":{"rendered":"<p><strong>V\u00e1clav Valda<\/strong><br \/>\nstuduje v\u00a0ateli\u00e9ru Grafika 2 na pra\u017esk\u00e9 AVU. Krom\u011b vynalezen\u00ed a rozv\u00edjen\u00ed tisku voskovou hranou<br \/>\nplynule p\u0159ech\u00e1z\u00ed mezi tradi\u010dn\u00edmi grafick\u00fdmi technikami jako s\u00edtotisk, linoryt, lept \u010di akvatinta, kter\u00e9<br \/>\np\u0159irozen\u011b kombinuje i v\u00a0r\u00e1mci jednoho d\u00edla. K\u00a0zachycov\u00e1n\u00ed okoln\u00edho sv\u011bta mu slou\u017e\u00ed mistrn\u00e1 kresba a<br \/>\ncharakteristick\u00e1 barevn\u00e1 paleta.<\/p>\n<p>Jedn\u00edm z\u00a0velk\u00fdch t\u00e9mat je pro V\u00e1clava Valdu Podskal\u00ed, odkud poch\u00e1z\u00ed a kde tak\u00e9 tvo\u0159\u00ed. Oblast pod<br \/>\nVy\u0161ehradem, kterou \u017eelezni\u010dn\u00ed most spojuje s\u00a0Vltavu, v grafik\u00e1ch vystupuje jako d\u011bji\u0161t\u011b p\u016fsobiv\u00fdch<br \/>\nsitua\u010dn\u00edch scen\u00e9ri\u00ed ka\u017edodenn\u00edho \u017eivota.<\/p>\n<p>V\u00a0reakci na sou\u010dasn\u00e9 sv\u011btov\u00e9 d\u011bn\u00ed vytv\u00e1\u0159\u00ed zcela sv\u00e9bytn\u00e1 v\u00fdtvarn\u00e1 d\u00edla \u2013 modlitby za nevinn\u00e9 ob\u011bti<br \/>\nozbrojen\u00fdch konflikt\u016f, konkr\u00e9tn\u011b aktu\u00e1ln\u00edho izraelsko-palestinsk\u00e9ho konfliktu.<br \/>\nVald\u016fv soustavn\u00fd z\u00e1jem o r\u016fzn\u00e9 zp\u016fsoby pozorov\u00e1n\u00ed a n\u00e1sledn\u00e9ho zobrazov\u00e1n\u00ed sv\u011bta kolem se<br \/>\nprojevuje i v\u00a0jeho tvorb\u011b nen\u00e1padn\u00fdch, harmonick\u00fdch akt\u016f \u2013 promy\u0161len\u00fdch studi\u00ed lidsk\u00e9ho t\u011bla.<\/p>\n<p>&nbsp;<\/p>\n<p><em><strong>Tisk voskovou hranou<\/strong><\/em><\/p>\n<p>V\u011bd\u011bli jste, \u017ee existuje grafick\u00e1 technika, kde hlavn\u00ed roli hraje v\u010del\u00ed vosk? Tuto novou<br \/>\ntechniku vyvinul V\u00e1clav Valda \u2013 v\u00fdtvarn\u00edk a v\u010dela\u0159 v\u00a0jedn\u00e9 osob\u011b.<\/p>\n<p style=\"padding-left: 40px;\">\n1. V\u00fdroba tiskov\u00e9 matrice za\u010d\u00edn\u00e1 p\u0159\u00edmo u v\u010del, od kter\u00fdch um\u011blec nejprve z\u00edsk\u00e1 vosk a<br \/>\nm\u00e1 tud\u00ed\u017e stoprocentn\u00ed jistotu, \u017ee se jedn\u00e1 o prav\u00fd v\u010del\u00ed vosk a nikoli paraf\u00edn. V\u010del\u00ed<br \/>\npl\u00e1stve v\u010dely \u010dasem p\u0159irozen\u011b zne\u010dist\u00ed. Um\u011blec je ze v\u010delstva vyjme a roztav\u00ed je<br \/>\nv\u00a0hrnci s\u00a0vodou.<br \/>\n2. Ze vznikl\u00e9 hn\u011bd\u00e9 hmoty (sm\u011bsi \u0161p\u00edny a vosku) vylisuje vosk. Ten ztuhne v kbel\u00edku, na<br \/>\njeho\u017e dn\u011b se usad\u00ed drobn\u00e9 ne\u010distoty, kter\u00e9 se pak z\u00a0vosku odkroj\u00ed. Um\u011blec n\u00e1sledn\u011b<br \/>\nrozeh\u0159\u00edv\u00e1 vosk v\u00a0mikrovlnn\u00e9 troub\u011b a barv\u00ed jej olejovou barvou, kter\u00e1 se s\u00a0voskem<br \/>\ndokonale propoj\u00ed.<br \/>\n3. Po obarven\u00ed se vosk znovu zah\u0159eje a rozv\u00e1l\u00ed se pomoc\u00ed tiska\u0159sk\u00e9ho stroje. Takto<br \/>\nvznikl\u00e9 placky si autor na\u0159e\u017ee na jednotliv\u00e9 prou\u017eky o \u0161\u00ed\u0159ce 15 mm. Lep\u00ed je na sklo<br \/>\npomoc\u00ed \u0159edidla a pro je\u0161t\u011b lep\u0161\u00ed upevn\u011bn\u00ed je zakap\u00e1v\u00e1 voskem.<br \/>\n4. Tyto prou\u017eky na jedn\u00e9 matrici jsou schopny vytisknout a\u017e pades\u00e1t tisk\u016f. Voskov\u00e9mu<br \/>\nprou\u017eku jako\u017eto hlavn\u00edmu hrdinovi v\u00fdstavy proto n\u00e1le\u017e\u00ed \u010destn\u00e9 m\u00edsto na plak\u00e1tu.<\/p>\n<p>&nbsp;<\/p>\n<p>Zdroj obr\u00e1zku: https:\/\/www.instagram.com\/vaclavvalda\/?hl=cs<\/p>","protected":false},"excerpt":{"rendered":"<p>V\u00e1clav Valda studuje v\u00a0ateli\u00e9ru Grafika 2 na pra\u017esk\u00e9 AVU. Krom\u011b vynalezen\u00ed a rozv\u00edjen\u00ed tisku voskovou hranou plynule p\u0159ech\u00e1z\u00ed mezi tradi\u010dn\u00edmi grafick\u00fdmi technikami jako s\u00edtotisk, linoryt, lept \u010di akvatinta, kter\u00e9 p\u0159irozen\u011b [&hellip;]<\/p>\n","protected":false},"author":7,"featured_media":9718,"template":"","meta":{"_acf_changed":false,"_tribe_events_status":"","_tribe_events_status_reason":"","_tribe_events_is_hybrid":"","_tribe_events_is_virtual":"","_tribe_events_virtual_video_source":"","_tribe_events_virtual_embed_video":"","_tribe_events_virtual_linked_button_text":"","_tribe_events_virtual_linked_button":"","_tribe_events_virtual_show_embed_at":"","_tribe_events_virtual_show_embed_to":[],"_tribe_events_virtual_show_on_event":"","_tribe_events_virtual_show_on_views":"","_tribe_events_virtual_url":"","footnotes":""},"tags":[117,56,65,91],"tribe_events_cat":[60],"class_list":["post-9717","tribe_events","type-tribe_events","status-publish","has-post-thumbnail","hentry","tag-edukace","tag-galerieaktualni","tag-projekty","tag-umeni","tribe_events_cat-kultura-v-prostoru","cat_kultura-v-prostoru"],"acf":[],"yoast_head":"<!-- This site is optimized with the Yoast SEO plugin v27.5 - https:\/\/yoast.com\/product\/yoast-seo-wordpress\/ -->\n<title>Vernis\u00e1\u017e v\u00fdstavy V\u00e1clava Valdy - Komunitn\u00ed prostor Sm\u00edchov<\/title>\n<meta name=\"robots\" content=\"index, follow, max-snippet:-1, max-image-preview:large, max-video-preview:-1\" \/>\n<link rel=\"canonical\" href=\"https:\/\/kpsmichov.cz\/en\/program\/vernisaz-vystavy-vaclava-valdy\/\" \/>\n<meta property=\"og:locale\" content=\"en_GB\" \/>\n<meta property=\"og:type\" content=\"article\" \/>\n<meta property=\"og:title\" content=\"Vernis\u00e1\u017e v\u00fdstavy V\u00e1clava Valdy - Komunitn\u00ed prostor Sm\u00edchov\" \/>\n<meta property=\"og:description\" content=\"V\u00e1clav Valda studuje v\u00a0ateli\u00e9ru Grafika 2 na pra\u017esk\u00e9 AVU. Krom\u011b vynalezen\u00ed a rozv\u00edjen\u00ed tisku voskovou hranou plynule p\u0159ech\u00e1z\u00ed mezi tradi\u010dn\u00edmi grafick\u00fdmi technikami jako s\u00edtotisk, linoryt, lept \u010di akvatinta, kter\u00e9 p\u0159irozen\u011b [&hellip;]\" \/>\n<meta property=\"og:url\" content=\"https:\/\/kpsmichov.cz\/en\/program\/vernisaz-vystavy-vaclava-valdy\/\" \/>\n<meta property=\"og:site_name\" content=\"Komunitn\u00ed prostor Sm\u00edchov\" \/>\n<meta property=\"article:publisher\" content=\"http:\/\/www.facebook.com\/kpsmichov\" \/>\n<meta property=\"og:image\" content=\"https:\/\/kpsmichov.cz\/wp-content\/uploads\/2026\/01\/valda.jpeg\" \/>\n\t<meta property=\"og:image:width\" content=\"232\" \/>\n\t<meta property=\"og:image:height\" content=\"217\" \/>\n\t<meta property=\"og:image:type\" content=\"image\/jpeg\" \/>\n<meta name=\"twitter:card\" content=\"summary_large_image\" \/>\n<meta name=\"twitter:label1\" content=\"Estimated reading time\" \/>\n\t<meta name=\"twitter:data1\" content=\"2 minutes\" \/>\n<script type=\"application\/ld+json\" class=\"yoast-schema-graph\">{\"@context\":\"https:\\\/\\\/schema.org\",\"@graph\":[{\"@type\":\"WebPage\",\"@id\":\"https:\\\/\\\/kpsmichov.cz\\\/program\\\/vernisaz-vystavy-vaclava-valdy\\\/\",\"url\":\"https:\\\/\\\/kpsmichov.cz\\\/program\\\/vernisaz-vystavy-vaclava-valdy\\\/\",\"name\":\"Vernis\u00e1\u017e v\u00fdstavy V\u00e1clava Valdy - Komunitn\u00ed prostor Sm\u00edchov\",\"isPartOf\":{\"@id\":\"https:\\\/\\\/kpsmichov.cz\\\/#website\"},\"primaryImageOfPage\":{\"@id\":\"https:\\\/\\\/kpsmichov.cz\\\/program\\\/vernisaz-vystavy-vaclava-valdy\\\/#primaryimage\"},\"image\":{\"@id\":\"https:\\\/\\\/kpsmichov.cz\\\/program\\\/vernisaz-vystavy-vaclava-valdy\\\/#primaryimage\"},\"thumbnailUrl\":\"https:\\\/\\\/kpsmichov.cz\\\/wp-content\\\/uploads\\\/2026\\\/01\\\/valda.jpeg\",\"datePublished\":\"2026-01-30T11:36:49+00:00\",\"breadcrumb\":{\"@id\":\"https:\\\/\\\/kpsmichov.cz\\\/program\\\/vernisaz-vystavy-vaclava-valdy\\\/#breadcrumb\"},\"inLanguage\":\"en-GB\",\"potentialAction\":[{\"@type\":\"ReadAction\",\"target\":[\"https:\\\/\\\/kpsmichov.cz\\\/program\\\/vernisaz-vystavy-vaclava-valdy\\\/\"]}]},{\"@type\":\"ImageObject\",\"inLanguage\":\"en-GB\",\"@id\":\"https:\\\/\\\/kpsmichov.cz\\\/program\\\/vernisaz-vystavy-vaclava-valdy\\\/#primaryimage\",\"url\":\"https:\\\/\\\/kpsmichov.cz\\\/wp-content\\\/uploads\\\/2026\\\/01\\\/valda.jpeg\",\"contentUrl\":\"https:\\\/\\\/kpsmichov.cz\\\/wp-content\\\/uploads\\\/2026\\\/01\\\/valda.jpeg\",\"width\":232,\"height\":217},{\"@type\":\"BreadcrumbList\",\"@id\":\"https:\\\/\\\/kpsmichov.cz\\\/program\\\/vernisaz-vystavy-vaclava-valdy\\\/#breadcrumb\",\"itemListElement\":[{\"@type\":\"ListItem\",\"position\":1,\"name\":\"Dom\u016f\",\"item\":\"https:\\\/\\\/kpsmichov.cz\\\/\"},{\"@type\":\"ListItem\",\"position\":2,\"name\":\"Akce\",\"item\":\"https:\\\/\\\/kpsmichov.cz\\\/program\\\/\"},{\"@type\":\"ListItem\",\"position\":3,\"name\":\"Vernis\u00e1\u017e v\u00fdstavy V\u00e1clava Valdy\"}]},{\"@type\":\"WebSite\",\"@id\":\"https:\\\/\\\/kpsmichov.cz\\\/#website\",\"url\":\"https:\\\/\\\/kpsmichov.cz\\\/\",\"name\":\"Komunitn\u00ed prostor Sm\u00edchov\",\"description\":\"Multifunk\u010dn\u00ed prostor v srdci Sm\u00edchova\",\"publisher\":{\"@id\":\"https:\\\/\\\/kpsmichov.cz\\\/#organization\"},\"potentialAction\":[{\"@type\":\"SearchAction\",\"target\":{\"@type\":\"EntryPoint\",\"urlTemplate\":\"https:\\\/\\\/kpsmichov.cz\\\/?s={search_term_string}\"},\"query-input\":{\"@type\":\"PropertyValueSpecification\",\"valueRequired\":true,\"valueName\":\"search_term_string\"}}],\"inLanguage\":\"en-GB\"},{\"@type\":\"Organization\",\"@id\":\"https:\\\/\\\/kpsmichov.cz\\\/#organization\",\"name\":\"Komunitn\u00ed prostor Sm\u00edchov\",\"url\":\"https:\\\/\\\/kpsmichov.cz\\\/\",\"logo\":{\"@type\":\"ImageObject\",\"inLanguage\":\"en-GB\",\"@id\":\"https:\\\/\\\/kpsmichov.cz\\\/#\\\/schema\\\/logo\\\/image\\\/\",\"url\":\"https:\\\/\\\/kpsmichov.cz\\\/wp-content\\\/uploads\\\/2022\\\/08\\\/kps_logotyp_bitmap_cb.png\",\"contentUrl\":\"https:\\\/\\\/kpsmichov.cz\\\/wp-content\\\/uploads\\\/2022\\\/08\\\/kps_logotyp_bitmap_cb.png\",\"width\":2414,\"height\":1255,\"caption\":\"Komunitn\u00ed prostor Sm\u00edchov\"},\"image\":{\"@id\":\"https:\\\/\\\/kpsmichov.cz\\\/#\\\/schema\\\/logo\\\/image\\\/\"},\"sameAs\":[\"http:\\\/\\\/www.facebook.com\\\/kpsmichov\",\"http:\\\/\\\/www.instagram.com\\\/komunitniprostorsmichov\"]}]}<\/script>\n<!-- \/ Yoast SEO plugin. -->","yoast_head_json":{"title":"Vernis\u00e1\u017e v\u00fdstavy V\u00e1clava Valdy - Komunitn\u00ed prostor Sm\u00edchov","robots":{"index":"index","follow":"follow","max-snippet":"max-snippet:-1","max-image-preview":"max-image-preview:large","max-video-preview":"max-video-preview:-1"},"canonical":"https:\/\/kpsmichov.cz\/en\/program\/vernisaz-vystavy-vaclava-valdy\/","og_locale":"en_GB","og_type":"article","og_title":"Vernis\u00e1\u017e v\u00fdstavy V\u00e1clava Valdy - Komunitn\u00ed prostor Sm\u00edchov","og_description":"V\u00e1clav Valda studuje v\u00a0ateli\u00e9ru Grafika 2 na pra\u017esk\u00e9 AVU. Krom\u011b vynalezen\u00ed a rozv\u00edjen\u00ed tisku voskovou hranou plynule p\u0159ech\u00e1z\u00ed mezi tradi\u010dn\u00edmi grafick\u00fdmi technikami jako s\u00edtotisk, linoryt, lept \u010di akvatinta, kter\u00e9 p\u0159irozen\u011b [&hellip;]","og_url":"https:\/\/kpsmichov.cz\/en\/program\/vernisaz-vystavy-vaclava-valdy\/","og_site_name":"Komunitn\u00ed prostor Sm\u00edchov","article_publisher":"http:\/\/www.facebook.com\/kpsmichov","og_image":[{"width":232,"height":217,"url":"https:\/\/kpsmichov.cz\/wp-content\/uploads\/2026\/01\/valda.jpeg","type":"image\/jpeg"}],"twitter_card":"summary_large_image","twitter_misc":{"Estimated reading time":"2 minutes"},"schema":{"@context":"https:\/\/schema.org","@graph":[{"@type":"WebPage","@id":"https:\/\/kpsmichov.cz\/program\/vernisaz-vystavy-vaclava-valdy\/","url":"https:\/\/kpsmichov.cz\/program\/vernisaz-vystavy-vaclava-valdy\/","name":"Vernis\u00e1\u017e v\u00fdstavy V\u00e1clava Valdy - Komunitn\u00ed prostor Sm\u00edchov","isPartOf":{"@id":"https:\/\/kpsmichov.cz\/#website"},"primaryImageOfPage":{"@id":"https:\/\/kpsmichov.cz\/program\/vernisaz-vystavy-vaclava-valdy\/#primaryimage"},"image":{"@id":"https:\/\/kpsmichov.cz\/program\/vernisaz-vystavy-vaclava-valdy\/#primaryimage"},"thumbnailUrl":"https:\/\/kpsmichov.cz\/wp-content\/uploads\/2026\/01\/valda.jpeg","datePublished":"2026-01-30T11:36:49+00:00","breadcrumb":{"@id":"https:\/\/kpsmichov.cz\/program\/vernisaz-vystavy-vaclava-valdy\/#breadcrumb"},"inLanguage":"en-GB","potentialAction":[{"@type":"ReadAction","target":["https:\/\/kpsmichov.cz\/program\/vernisaz-vystavy-vaclava-valdy\/"]}]},{"@type":"ImageObject","inLanguage":"en-GB","@id":"https:\/\/kpsmichov.cz\/program\/vernisaz-vystavy-vaclava-valdy\/#primaryimage","url":"https:\/\/kpsmichov.cz\/wp-content\/uploads\/2026\/01\/valda.jpeg","contentUrl":"https:\/\/kpsmichov.cz\/wp-content\/uploads\/2026\/01\/valda.jpeg","width":232,"height":217},{"@type":"BreadcrumbList","@id":"https:\/\/kpsmichov.cz\/program\/vernisaz-vystavy-vaclava-valdy\/#breadcrumb","itemListElement":[{"@type":"ListItem","position":1,"name":"Dom\u016f","item":"https:\/\/kpsmichov.cz\/"},{"@type":"ListItem","position":2,"name":"Akce","item":"https:\/\/kpsmichov.cz\/program\/"},{"@type":"ListItem","position":3,"name":"Vernis\u00e1\u017e v\u00fdstavy V\u00e1clava Valdy"}]},{"@type":"WebSite","@id":"https:\/\/kpsmichov.cz\/#website","url":"https:\/\/kpsmichov.cz\/","name":"Community Space Sm\u00edchov","description":"Multifunk\u010dn\u00ed prostor v srdci Sm\u00edchova","publisher":{"@id":"https:\/\/kpsmichov.cz\/#organization"},"potentialAction":[{"@type":"SearchAction","target":{"@type":"EntryPoint","urlTemplate":"https:\/\/kpsmichov.cz\/?s={search_term_string}"},"query-input":{"@type":"PropertyValueSpecification","valueRequired":true,"valueName":"search_term_string"}}],"inLanguage":"en-GB"},{"@type":"Organization","@id":"https:\/\/kpsmichov.cz\/#organization","name":"Community Space Sm\u00edchov","url":"https:\/\/kpsmichov.cz\/","logo":{"@type":"ImageObject","inLanguage":"en-GB","@id":"https:\/\/kpsmichov.cz\/#\/schema\/logo\/image\/","url":"https:\/\/kpsmichov.cz\/wp-content\/uploads\/2022\/08\/kps_logotyp_bitmap_cb.png","contentUrl":"https:\/\/kpsmichov.cz\/wp-content\/uploads\/2022\/08\/kps_logotyp_bitmap_cb.png","width":2414,"height":1255,"caption":"Komunitn\u00ed prostor Sm\u00edchov"},"image":{"@id":"https:\/\/kpsmichov.cz\/#\/schema\/logo\/image\/"},"sameAs":["http:\/\/www.facebook.com\/kpsmichov","http:\/\/www.instagram.com\/komunitniprostorsmichov"]}]}},"_links":{"self":[{"href":"https:\/\/kpsmichov.cz\/en\/wp-json\/wp\/v2\/tribe_events\/9717","targetHints":{"allow":["GET"]}}],"collection":[{"href":"https:\/\/kpsmichov.cz\/en\/wp-json\/wp\/v2\/tribe_events"}],"about":[{"href":"https:\/\/kpsmichov.cz\/en\/wp-json\/wp\/v2\/types\/tribe_events"}],"author":[{"embeddable":true,"href":"https:\/\/kpsmichov.cz\/en\/wp-json\/wp\/v2\/users\/7"}],"version-history":[{"count":2,"href":"https:\/\/kpsmichov.cz\/en\/wp-json\/wp\/v2\/tribe_events\/9717\/revisions"}],"predecessor-version":[{"id":9721,"href":"https:\/\/kpsmichov.cz\/en\/wp-json\/wp\/v2\/tribe_events\/9717\/revisions\/9721"}],"wp:featuredmedia":[{"embeddable":true,"href":"https:\/\/kpsmichov.cz\/en\/wp-json\/wp\/v2\/media\/9718"}],"wp:attachment":[{"href":"https:\/\/kpsmichov.cz\/en\/wp-json\/wp\/v2\/media?parent=9717"}],"wp:term":[{"taxonomy":"post_tag","embeddable":true,"href":"https:\/\/kpsmichov.cz\/en\/wp-json\/wp\/v2\/tags?post=9717"},{"taxonomy":"tribe_events_cat","embeddable":true,"href":"https:\/\/kpsmichov.cz\/en\/wp-json\/wp\/v2\/tribe_events_cat?post=9717"}],"curies":[{"name":"wp","href":"https:\/\/api.w.org\/{rel}","templated":true}]}}